{"id":145,"date":"2020-03-23T14:33:11","date_gmt":"2020-03-23T14:33:11","guid":{"rendered":"https:\/\/amandacelis.com\/en\/?page_id=145"},"modified":"2020-05-25T15:35:41","modified_gmt":"2020-05-25T14:35:41","slug":"legal","status":"publish","type":"page","link":"https:\/\/amandacelis.com\/en\/legal\/","title":{"rendered":"Legal"},"content":{"rendered":"<p>[et_pb_section fb_built=\u00bb1&#8243; admin_label=\u00bbHero\u00bb _builder_version=\u00bb3.26.6&#8243; custom_margin=\u00bb||||false\u00bb custom_padding=\u00bb2vw||2vw||true|false\u00bb locked=\u00bboff\u00bb][et_pb_row _builder_version=\u00bb3.25&#8243; custom_padding=\u00bb0|0px|0|0px|false|false\u00bb][et_pb_column type=\u00bb4_4&#8243; _builder_version=\u00bb3.25&#8243; background_color_gradient_direction=\u00bb270deg\u00bb custom_padding=\u00bb|||\u00bb custom_padding_tablet=\u00bb|5%||5%||true\u00bb custom_padding_phone=\u00bb|7%||7%||true\u00bb custom_padding__hover=\u00bb|||\u00bb][et_pb_text _builder_version=\u00bb4.4.5&#8243; text_font=\u00bb||||||||\u00bb text_font_size=\u00bb18px\u00bb text_line_height=\u00bb1.8em\u00bb header_font=\u00bbMontserrat|600|||||||\u00bb header_text_color=\u00bb#444444&#8243; header_font_size=\u00bb50px\u00bb header_line_height=\u00bb1.5em\u00bb header_3_font=\u00bbComfortaa|700||on|||||\u00bb header_3_text_color=\u00bb#00ad9c\u00bb header_3_font_size=\u00bb20px\u00bb header_3_line_height=\u00bb1.5em\u00bb text_orientation=\u00bbright\u00bb custom_margin=\u00bb|||\u00bb hover_enabled=\u00bb0&#8243; header_font_size_tablet=\u00bb50px\u00bb header_font_size_phone=\u00bb32px\u00bb header_font_size_last_edited=\u00bbon|tablet\u00bb header_3_font_size_tablet=\u00bb50px\u00bb header_3_font_size_phone=\u00bb32px\u00bb header_3_font_size_last_edited=\u00bboff|desktop\u00bb text_text_align=\u00bbright\u00bb locked=\u00bboff\u00bb]<\/p>\n<h1 style=\"text-align: left;\">Modelo de informaci\u00f3n por capas<\/h1>\n<p>[\/et_pb_text][et_pb_text _builder_version=\u00bb3.27.4&#8243; text_font=\u00bbComfortaa|700|||||||\u00bb text_line_height=\u00bb1.9em\u00bb link_font=\u00bb||||||||\u00bb link_text_color=\u00bb#3550a0&#8243; header_font=\u00bb||||||||\u00bb header_2_font=\u00bb||||||||\u00bb header_3_font=\u00bbPlayfair Display|700|||||||\u00bb header_3_text_color=\u00bb#00ad9c\u00bb header_3_font_size=\u00bb30px\u00bb header_3_line_height=\u00bb1.5em\u00bb header_4_font=\u00bbLato|700|||||||\u00bb header_4_text_color=\u00bb#3550a0&#8243; header_4_font_size=\u00bb16px\u00bb header_4_line_height=\u00bb1.5em\u00bb custom_margin=\u00bb33px|||||\u00bb header_3_font_size_tablet=\u00bb\u00bb header_3_font_size_phone=\u00bb20px\u00bb header_3_font_size_last_edited=\u00bbon|phone\u00bb locked=\u00bboff\u00bb]<\/p>\n<p>El Reglamento (UE) 2016\/679 del Parlamento Europeo y del Consejo, de 27 de abril de 2016, relativo a la protecci\u00f3n de las personas f\u00edsicas en lo que respecta al tratamiento de datos personales y a la libre circulaci\u00f3n de estos datos y por el que se deroga la Directiva 95\/46\/CE (Reglamento general de protecci\u00f3n de datos) (DOUE L 119\/1, 04-05-2016) (en adelante, RGPD), proporciona un marco modernizado y basado en la rendici\u00f3n de cuentas para la protecci\u00f3n de los datos en Europa.<\/p>\n<p>En tal sentido, el art\u00edculo 12 del RGPD, bajo el ep\u00edgrafe \u201cTransparencia de la informaci\u00f3n, comunicaci\u00f3n y modalidades de ejercicio de los derechos del interesado\u201d, establece lo siguiente en su apartado 1:<\/p>\n<p>[\/et_pb_text][et_pb_text _builder_version=\u00bb3.27.4&#8243; text_font=\u00bbComfortaa|700|||||||\u00bb text_line_height=\u00bb1.9em\u00bb link_font=\u00bb||||||||\u00bb link_text_color=\u00bb#3550a0&#8243; header_font=\u00bb||||||||\u00bb header_2_font=\u00bb||||||||\u00bb header_3_font=\u00bbPlayfair Display|700|||||||\u00bb header_3_text_color=\u00bb#00ad9c\u00bb header_3_font_size=\u00bb30px\u00bb header_3_line_height=\u00bb1.5em\u00bb header_4_font=\u00bbLato|700|||||||\u00bb header_4_text_color=\u00bb#3550a0&#8243; header_4_font_size=\u00bb16px\u00bb header_4_line_height=\u00bb1.5em\u00bb custom_margin=\u00bb||||false|false\u00bb custom_padding=\u00bb|||100px|false|false\u00bb custom_padding_tablet=\u00bb\u00bb custom_padding_phone=\u00bb|||20px|false|false\u00bb custom_padding_last_edited=\u00bbon|desktop\u00bb header_3_font_size_tablet=\u00bb\u00bb header_3_font_size_phone=\u00bb20px\u00bb header_3_font_size_last_edited=\u00bbon|phone\u00bb locked=\u00bboff\u00bb]<\/p>\n<p><em>El responsable del tratamiento tomar\u00e1 las medidas oportunas para facilitar al interesado toda informaci\u00f3n indicada en los art\u00edculos 13 y 14, as\u00ed como cualquier comunicaci\u00f3n con arreglo a los art\u00edculos 15 a 22 y 34 relativa al tratamiento, en forma concisa, transparente, inteligible y de f\u00e1cil acceso, con un lenguaje claro y sencillo, en particular cualquier informaci\u00f3n dirigida espec\u00edficamente a un ni\u00f1o. La informaci\u00f3n ser\u00e1 facilitada por escrito o por otros medios, inclusive, si procede, por medios electr\u00f3nicos. Cuando lo solicite el interesado, la informaci\u00f3n podr\u00e1 facilitarse verbalmente siempre que se demuestre la identidad del interesado por otros medios.\u00a0<\/em><\/p>\n<p>[\/et_pb_text][et_pb_text _builder_version=\u00bb3.27.4&#8243; text_font=\u00bbComfortaa|700|||||||\u00bb text_line_height=\u00bb1.9em\u00bb link_font=\u00bb||||||||\u00bb link_text_color=\u00bb#3550a0&#8243; header_font=\u00bb||||||||\u00bb header_2_font=\u00bb||||||||\u00bb header_3_font=\u00bbPlayfair Display|700|||||||\u00bb header_3_text_color=\u00bb#00ad9c\u00bb header_3_font_size=\u00bb30px\u00bb header_3_line_height=\u00bb1.5em\u00bb header_4_font=\u00bbLato|700|||||||\u00bb header_4_text_color=\u00bb#3550a0&#8243; header_4_font_size=\u00bb16px\u00bb header_4_line_height=\u00bb1.5em\u00bb custom_margin=\u00bb33px|||||\u00bb header_3_font_size_tablet=\u00bb\u00bb header_3_font_size_phone=\u00bb20px\u00bb header_3_font_size_last_edited=\u00bbon|phone\u00bb locked=\u00bboff\u00bb]<\/p>\n<p>Para hacer compatible la mayor exigencia de informaci\u00f3n que introduce el RGPD y la concisi\u00f3n y comprensi\u00f3n en la forma de presentarla, desde las Autoridades de Protecci\u00f3n de Datos se recomienda adoptar un modelo de informaci\u00f3n por capas o niveles. El enfoque de informaci\u00f3n multinivel consiste en lo siguiente:<\/p>\n<p>[\/et_pb_text][et_pb_text _builder_version=\u00bb3.27.4&#8243; text_font=\u00bbComfortaa|700|||||||\u00bb text_line_height=\u00bb1.9em\u00bb link_font=\u00bb||||||||\u00bb link_text_color=\u00bb#3550a0&#8243; header_font=\u00bb||||||||\u00bb header_2_font=\u00bb||||||||\u00bb header_3_font=\u00bbPlayfair Display|700|||||||\u00bb header_3_text_color=\u00bb#00ad9c\u00bb header_3_font_size=\u00bb30px\u00bb header_3_line_height=\u00bb1.5em\u00bb header_4_font=\u00bbLato|700|||||||\u00bb header_4_text_color=\u00bb#3550a0&#8243; header_4_font_size=\u00bb16px\u00bb header_4_line_height=\u00bb1.5em\u00bb custom_margin=\u00bb||||false|false\u00bb custom_padding=\u00bb|||100px|false|false\u00bb custom_padding_tablet=\u00bb\u00bb custom_padding_phone=\u00bb|||20px|false|false\u00bb custom_padding_last_edited=\u00bbon|desktop\u00bb header_3_font_size_tablet=\u00bb\u00bb header_3_font_size_phone=\u00bb20px\u00bb header_3_font_size_last_edited=\u00bbon|phone\u00bb locked=\u00bboff\u00bb]<\/p>\n<p>\u2022 Presentar una informaci\u00f3n b\u00e1sica en un primer nivel, de forma resumida, en el mismo momento y en el mismo medio en que se recojan los datos.<\/p>\n<p>\u2022 Remitir a la informaci\u00f3n adicional en un segundo nivel, donde se presentar\u00e1n detalladamente el resto de las informaciones, en un medio m\u00e1s adecuado para su presentaci\u00f3n, comprensi\u00f3n y, si se desea, archivo.<\/p>\n<p><em>\u00a0<\/em><\/p>\n<p>[\/et_pb_text][\/et_pb_column][\/et_pb_row][\/et_pb_section][et_pb_section fb_built=\u00bb1&#8243; admin_label=\u00bbClasses Section\u00bb _builder_version=\u00bb3.22&#8243; background_color=\u00bb#fafbfc\u00bb custom_padding=\u00bb60px|0px|110px|0px||\u00bb][et_pb_row admin_label=\u00bbRow\u00bb _builder_version=\u00bb3.25&#8243; custom_padding=\u00bb0px|||||\u00bb][et_pb_column type=\u00bb4_4&#8243; _builder_version=\u00bb3.25&#8243; custom_padding=\u00bb|||\u00bb custom_padding__hover=\u00bb|||\u00bb][et_pb_text _builder_version=\u00bb4.4.5&#8243; text_font=\u00bb||||||||\u00bb text_font_size=\u00bb18px\u00bb text_line_height=\u00bb1.8em\u00bb header_font=\u00bbMontserrat|700|||||||\u00bb header_text_color=\u00bb#444444&#8243; header_font_size=\u00bb50px\u00bb header_line_height=\u00bb1.5em\u00bb header_2_font=\u00bbMontserrat||||||||\u00bb header_2_font_size=\u00bb50px\u00bb header_2_line_height=\u00bb1.3em\u00bb header_3_font=\u00bbComfortaa|700||on|||||\u00bb header_3_text_color=\u00bb#00ad9c\u00bb header_3_font_size=\u00bb20px\u00bb header_3_line_height=\u00bb1.5em\u00bb text_orientation=\u00bbright\u00bb custom_margin=\u00bb||-1px|||\u00bb hover_enabled=\u00bb0&#8243; header_font_size_tablet=\u00bb50px\u00bb header_font_size_phone=\u00bb32px\u00bb header_font_size_last_edited=\u00bbon|tablet\u00bb header_3_font_size_tablet=\u00bb50px\u00bb header_3_font_size_phone=\u00bb32px\u00bb header_3_font_size_last_edited=\u00bboff|desktop\u00bb text_text_align=\u00bbright\u00bb locked=\u00bboff\u00bb header_2_font_size_last_edited=\u00bbon|phone\u00bb header_2_font_size_phone=\u00bb32px\u00bb]<\/p>\n<h2 style=\"text-align: left;\">Capa 1: Informaci\u00f3n b\u00e1sica sobre protecci\u00f3n de datos<\/h2>\n<p>[\/et_pb_text][\/et_pb_column][\/et_pb_row][et_pb_row column_structure=\u00bb1_2,1_2&#8243; _builder_version=\u00bb3.26.6&#8243;][et_pb_column type=\u00bb1_2&#8243; _builder_version=\u00bb3.26.6&#8243;][et_pb_text _builder_version=\u00bb4.4.5&#8243; text_font=\u00bbComfortaa|700|||||||\u00bb text_line_height=\u00bb1.9em\u00bb link_font=\u00bb||||||||\u00bb link_text_color=\u00bb#3550a0&#8243; header_font=\u00bb||||||||\u00bb header_2_font=\u00bb||||||||\u00bb header_3_font=\u00bbComfortaa|700|||||||\u00bb header_3_text_color=\u00bb#00ad9c\u00bb header_3_font_size=\u00bb30px\u00bb header_3_line_height=\u00bb1.5em\u00bb header_4_font=\u00bbLato|700|||||||\u00bb header_4_text_color=\u00bb#3550a0&#8243; header_4_font_size=\u00bb16px\u00bb header_4_line_height=\u00bb1.5em\u00bb custom_margin=\u00bb||-1px|||\u00bb header_3_font_size_tablet=\u00bb\u00bb header_3_font_size_phone=\u00bb20px\u00bb header_3_font_size_last_edited=\u00bbon|phone\u00bb locked=\u00bboff\u00bb]<\/p>\n<h3>Responsable del tratamiento<\/h3>\n<p>[\/et_pb_text][et_pb_text _builder_version=\u00bb3.27.4&#8243; text_font=\u00bbComfortaa|700|||||||\u00bb text_font_size=\u00bb16px\u00bb text_line_height=\u00bb1.8em\u00bb locked=\u00bboff\u00bb]<\/p>\n<p>Amanda Celis Ekstrand<\/p>\n<p>[\/et_pb_text][et_pb_text _builder_version=\u00bb4.4.5&#8243; text_font=\u00bbComfortaa|700|||||||\u00bb text_line_height=\u00bb1.9em\u00bb link_font=\u00bb||||||||\u00bb link_text_color=\u00bb#3550a0&#8243; header_font=\u00bb||||||||\u00bb header_2_font=\u00bb||||||||\u00bb header_3_font=\u00bbComfortaa|700|||||||\u00bb header_3_text_color=\u00bb#00ad9c\u00bb header_3_font_size=\u00bb30px\u00bb header_3_line_height=\u00bb1.5em\u00bb header_4_font=\u00bbLato|700|||||||\u00bb header_4_text_color=\u00bb#3550a0&#8243; header_4_font_size=\u00bb16px\u00bb header_4_line_height=\u00bb1.5em\u00bb custom_margin=\u00bb||-1px|||\u00bb header_3_font_size_tablet=\u00bb\u00bb header_3_font_size_phone=\u00bb20px\u00bb header_3_font_size_last_edited=\u00bbon|phone\u00bb locked=\u00bboff\u00bb]<\/p>\n<h3>Direcci\u00f3n del responsable<\/h3>\n<p>[\/et_pb_text][et_pb_text _builder_version=\u00bb3.27.4&#8243; text_font=\u00bbComfortaa|700|||||||\u00bb text_font_size=\u00bb16px\u00bb text_line_height=\u00bb1.8em\u00bb locked=\u00bboff\u00bb]<\/p>\n<p>C\/ LUIS MOROTE, N\u00ba6-PLANTA 4- OF. 5\u00baI, CP 35007, LAS PALMAS DE GRAN CANARIA (Las Palmas)<\/p>\n<p>[\/et_pb_text][et_pb_text _builder_version=\u00bb4.4.5&#8243; text_font=\u00bbComfortaa|700|||||||\u00bb text_line_height=\u00bb1.9em\u00bb link_font=\u00bb||||||||\u00bb link_text_color=\u00bb#3550a0&#8243; header_font=\u00bb||||||||\u00bb header_2_font=\u00bb||||||||\u00bb header_3_font=\u00bbComfortaa|700|||||||\u00bb header_3_text_color=\u00bb#00ad9c\u00bb header_3_font_size=\u00bb30px\u00bb header_3_line_height=\u00bb1.5em\u00bb header_4_font=\u00bbLato|700|||||||\u00bb header_4_text_color=\u00bb#3550a0&#8243; header_4_font_size=\u00bb16px\u00bb header_4_line_height=\u00bb1.5em\u00bb custom_margin=\u00bb||-1px|||\u00bb header_3_font_size_tablet=\u00bb\u00bb header_3_font_size_phone=\u00bb20px\u00bb header_3_font_size_last_edited=\u00bbon|phone\u00bb locked=\u00bboff\u00bb]<\/p>\n<h3>Publicidad<\/h3>\n<p>[\/et_pb_text][et_pb_text _builder_version=\u00bb3.27.4&#8243; text_font=\u00bbComfortaa|700|||||||\u00bb text_font_size=\u00bb16px\u00bb text_line_height=\u00bb1.8em\u00bb locked=\u00bboff\u00bb]<\/p>\n<p>Solo le enviaremos publicidad con su autorizaci\u00f3n previa, que podr\u00e1 facilitarnos mediante la casilla correspondiente establecida al efecto.<\/p>\n<p>[\/et_pb_text][et_pb_text _builder_version=\u00bb4.4.5&#8243; text_font=\u00bbComfortaa|700|||||||\u00bb text_line_height=\u00bb1.9em\u00bb link_font=\u00bb||||||||\u00bb link_text_color=\u00bb#3550a0&#8243; header_font=\u00bb||||||||\u00bb header_2_font=\u00bb||||||||\u00bb header_3_font=\u00bbComfortaa|700|||||||\u00bb header_3_text_color=\u00bb#00ad9c\u00bb header_3_font_size=\u00bb30px\u00bb header_3_line_height=\u00bb1.5em\u00bb header_4_font=\u00bbLato|700|||||||\u00bb header_4_text_color=\u00bb#3550a0&#8243; header_4_font_size=\u00bb16px\u00bb header_4_line_height=\u00bb1.5em\u00bb custom_margin=\u00bb||-1px|||\u00bb header_3_font_size_tablet=\u00bb\u00bb header_3_font_size_phone=\u00bb20px\u00bb header_3_font_size_last_edited=\u00bbon|phone\u00bb locked=\u00bboff\u00bb]<\/p>\n<h3>Destinatarios<\/h3>\n<p>[\/et_pb_text][et_pb_text _builder_version=\u00bb3.27.4&#8243; text_font=\u00bbComfortaa|700|||||||\u00bb text_font_size=\u00bb16px\u00bb text_line_height=\u00bb1.8em\u00bb locked=\u00bboff\u00bb]<\/p>\n<p>Con car\u00e1cter general, s\u00f3lo el personal de nuestra entidad que est\u00e9 debidamente autorizado podr\u00e1 tener conocimiento de la informaci\u00f3n que le pedimos.<\/p>\n<p>[\/et_pb_text][et_pb_text _builder_version=\u00bb4.4.5&#8243; text_font=\u00bbComfortaa|700|||||||\u00bb text_line_height=\u00bb1.9em\u00bb link_font=\u00bb||||||||\u00bb link_text_color=\u00bb#3550a0&#8243; header_font=\u00bb||||||||\u00bb header_2_font=\u00bb||||||||\u00bb header_3_font=\u00bbComfortaa|700|||||||\u00bb header_3_text_color=\u00bb#00ad9c\u00bb header_3_font_size=\u00bb30px\u00bb header_3_line_height=\u00bb1.5em\u00bb header_4_font=\u00bbLato|700|||||||\u00bb header_4_text_color=\u00bb#3550a0&#8243; header_4_font_size=\u00bb16px\u00bb header_4_line_height=\u00bb1.5em\u00bb custom_margin=\u00bb||-1px|||\u00bb header_3_font_size_tablet=\u00bb\u00bb header_3_font_size_phone=\u00bb20px\u00bb header_3_font_size_last_edited=\u00bbon|phone\u00bb locked=\u00bboff\u00bb]<\/p>\n<h3>Informaci\u00f3n adicional<\/h3>\n<p>[\/et_pb_text][et_pb_text _builder_version=\u00bb3.27.4&#8243; text_font=\u00bbComfortaa|700|||||||\u00bb text_font_size=\u00bb16px\u00bb text_line_height=\u00bb1.8em\u00bb locked=\u00bboff\u00bb]<\/p>\n<p>M\u00e1s informaci\u00f3n en el apartado \u201cSUS DATOS SEGUROS\u201d de nuestra p\u00e1gina web.<\/p>\n<p>[\/et_pb_text][\/et_pb_column][et_pb_column type=\u00bb1_2&#8243; _builder_version=\u00bb3.26.6&#8243;][et_pb_text _builder_version=\u00bb4.4.5&#8243; text_font=\u00bbComfortaa|700|||||||\u00bb text_line_height=\u00bb1.9em\u00bb link_font=\u00bb||||||||\u00bb link_text_color=\u00bb#3550a0&#8243; header_font=\u00bb||||||||\u00bb header_2_font=\u00bb||||||||\u00bb header_3_font=\u00bbComfortaa|700|||||||\u00bb header_3_text_color=\u00bb#00ad9c\u00bb header_3_font_size=\u00bb30px\u00bb header_3_line_height=\u00bb1.5em\u00bb header_4_font=\u00bbLato|700|||||||\u00bb header_4_text_color=\u00bb#3550a0&#8243; header_4_font_size=\u00bb16px\u00bb header_4_line_height=\u00bb1.5em\u00bb custom_margin=\u00bb||-1px|||\u00bb custom_padding=\u00bb110px|||||\u00bb custom_padding_tablet=\u00bb\u00bb custom_padding_phone=\u00bb0px||||false|false\u00bb custom_padding_last_edited=\u00bbon|desktop\u00bb header_3_font_size_tablet=\u00bb\u00bb header_3_font_size_phone=\u00bb20px\u00bb header_3_font_size_last_edited=\u00bbon|phone\u00bb locked=\u00bboff\u00bb]<\/p>\n<h3>Finalidad<\/h3>\n<p>[\/et_pb_text][et_pb_text _builder_version=\u00bb3.27.4&#8243; text_font=\u00bbComfortaa|700|||||||\u00bb text_font_size=\u00bb16px\u00bb text_line_height=\u00bb1.8em\u00bb locked=\u00bboff\u00bb]<\/p>\n<p>Sus datos ser\u00e1n usados para poder atender sus solicitudes y prestarle nuestros servicios.<\/p>\n<p>[\/et_pb_text][et_pb_text _builder_version=\u00bb4.4.5&#8243; text_font=\u00bbComfortaa|700|||||||\u00bb text_line_height=\u00bb1.9em\u00bb link_font=\u00bb||||||||\u00bb link_text_color=\u00bb#3550a0&#8243; header_font=\u00bb||||||||\u00bb header_2_font=\u00bb||||||||\u00bb header_3_font=\u00bbComfortaa|700|||||||\u00bb header_3_text_color=\u00bb#00ad9c\u00bb header_3_font_size=\u00bb30px\u00bb header_3_line_height=\u00bb1.5em\u00bb header_4_font=\u00bbLato|700|||||||\u00bb header_4_text_color=\u00bb#3550a0&#8243; header_4_font_size=\u00bb16px\u00bb header_4_line_height=\u00bb1.5em\u00bb custom_margin=\u00bb||-1px|||\u00bb header_3_font_size_tablet=\u00bb\u00bb header_3_font_size_phone=\u00bb20px\u00bb header_3_font_size_last_edited=\u00bbon|phone\u00bb locked=\u00bboff\u00bb]<\/p>\n<h3>Legitimaci\u00f3n<\/h3>\n<p>[\/et_pb_text][et_pb_text _builder_version=\u00bb3.27.4&#8243; text_font=\u00bbComfortaa|700|||||||\u00bb text_font_size=\u00bb16px\u00bb text_line_height=\u00bb1.8em\u00bb locked=\u00bboff\u00bb]<\/p>\n<p>\u00danicamente trataremos sus datos con su consentimiento previo, que podr\u00e1 facilitarnos mediante la casilla correspondiente establecida al efecto.<\/p>\n<p>[\/et_pb_text][et_pb_text _builder_version=\u00bb4.4.5&#8243; text_font=\u00bbComfortaa|700|||||||\u00bb text_line_height=\u00bb1.9em\u00bb link_font=\u00bb||||||||\u00bb link_text_color=\u00bb#3550a0&#8243; header_font=\u00bb||||||||\u00bb header_2_font=\u00bb||||||||\u00bb header_3_font=\u00bbComfortaa|700|||||||\u00bb header_3_text_color=\u00bb#00ad9c\u00bb header_3_font_size=\u00bb30px\u00bb header_3_line_height=\u00bb1.5em\u00bb header_4_font=\u00bbLato|700|||||||\u00bb header_4_text_color=\u00bb#3550a0&#8243; header_4_font_size=\u00bb16px\u00bb header_4_line_height=\u00bb1.5em\u00bb custom_margin=\u00bb||-1px|||\u00bb header_3_font_size_tablet=\u00bb\u00bb header_3_font_size_phone=\u00bb20px\u00bb header_3_font_size_last_edited=\u00bbon|phone\u00bb locked=\u00bboff\u00bb]<\/p>\n<h3>Derechos<\/h3>\n<p>[\/et_pb_text][et_pb_text _builder_version=\u00bb3.27.4&#8243; text_font=\u00bbComfortaa|700|||||||\u00bb text_font_size=\u00bb16px\u00bb text_line_height=\u00bb1.8em\u00bb locked=\u00bboff\u00bb]<\/p>\n<p>Tiene derecho a saber qu\u00e9 informaci\u00f3n tenemos sobre usted, corregirla y eliminarla, tal y como se explica en la informaci\u00f3n adicional disponible en nuestra p\u00e1gina web.<\/p>\n<p>[\/et_pb_text][\/et_pb_column][\/et_pb_row][\/et_pb_section][et_pb_section fb_built=\u00bb1&#8243; admin_label=\u00bbHero\u00bb _builder_version=\u00bb3.26.6&#8243; custom_margin=\u00bb||||false\u00bb custom_padding=\u00bb2vw||2vw||true|false\u00bb locked=\u00bboff\u00bb][et_pb_row _builder_version=\u00bb3.25&#8243; custom_padding=\u00bb0|0px|0|0px|false|false\u00bb][et_pb_column type=\u00bb4_4&#8243; _builder_version=\u00bb3.25&#8243; background_color_gradient_direction=\u00bb270deg\u00bb custom_padding=\u00bb|||\u00bb custom_padding_tablet=\u00bb|5%||5%||true\u00bb custom_padding_phone=\u00bb|7%||7%||true\u00bb custom_padding__hover=\u00bb|||\u00bb][et_pb_text _builder_version=\u00bb4.4.5&#8243; text_font=\u00bb||||||||\u00bb text_font_size=\u00bb18px\u00bb text_line_height=\u00bb1.8em\u00bb header_font=\u00bbPlayfair Display|700|||||||\u00bb header_text_color=\u00bb#444444&#8243; header_font_size=\u00bb67px\u00bb header_line_height=\u00bb1.5em\u00bb header_2_font=\u00bbMontserrat||||||||\u00bb header_2_font_size=\u00bb52px\u00bb header_2_line_height=\u00bb1.3em\u00bb header_3_font=\u00bbComfortaa|700||on|||||\u00bb header_3_text_color=\u00bb#00ad9c\u00bb header_3_font_size=\u00bb20px\u00bb header_3_line_height=\u00bb1.5em\u00bb text_orientation=\u00bbright\u00bb custom_margin=\u00bb|||\u00bb hover_enabled=\u00bb0&#8243; header_font_size_tablet=\u00bb50px\u00bb header_font_size_phone=\u00bb32px\u00bb header_font_size_last_edited=\u00bbon|tablet\u00bb header_3_font_size_tablet=\u00bb50px\u00bb header_3_font_size_phone=\u00bb32px\u00bb header_3_font_size_last_edited=\u00bboff|desktop\u00bb text_text_align=\u00bbright\u00bb locked=\u00bboff\u00bb header_2_font_size_last_edited=\u00bbon|phone\u00bb header_2_font_size_phone=\u00bb32px\u00bb]<\/p>\n<h2 style=\"text-align: left;\">Capa 2: Informaci\u00f3n ampliada sobre protecci\u00f3n de datos<\/h2>\n<p>[\/et_pb_text][et_pb_text _builder_version=\u00bb3.27.4&#8243; text_font=\u00bbComfortaa|700|||||||\u00bb text_line_height=\u00bb1.9em\u00bb link_font=\u00bb||||||||\u00bb link_text_color=\u00bb#3550a0&#8243; header_font=\u00bb||||||||\u00bb header_2_font=\u00bb||||||||\u00bb header_3_font=\u00bbPlayfair Display|700|||||||\u00bb header_3_text_color=\u00bb#00ad9c\u00bb header_3_font_size=\u00bb30px\u00bb header_3_line_height=\u00bb1.5em\u00bb header_4_font=\u00bbLato|700|||||||\u00bb header_4_text_color=\u00bb#3550a0&#8243; header_4_font_size=\u00bb16px\u00bb header_4_line_height=\u00bb1.5em\u00bb custom_margin=\u00bb33px|||||\u00bb header_3_font_size_tablet=\u00bb\u00bb header_3_font_size_phone=\u00bb20px\u00bb header_3_font_size_last_edited=\u00bbon|phone\u00bb locked=\u00bboff\u00bb]<\/p>\n<p>En Europa y en Espa\u00f1a existen normas de protecci\u00f3n de datos pensadas para proteger su informaci\u00f3n personal de obligado cumplimiento para nuestra entidad. Por ello, es muy importante para nosotros que entienda perfectamente qu\u00e9 vamos a hacer con los datos personales que le pedimos. As\u00ed, seremos transparentes y le daremos el control de sus datos, con un lenguaje sencillo y opciones claras que le permitir\u00e1n decidir qu\u00e9 haremos con su informaci\u00f3n personal. Por favor, si una vez le\u00edda la presente informaci\u00f3n le queda alguna duda, no dude en preguntarnos.<br \/>Muchas gracias por su colaboraci\u00f3n.<\/p>\n<p>[\/et_pb_text][et_pb_text _builder_version=\u00bb3.27.4&#8243; text_font=\u00bbComfortaa|700|||||||\u00bb text_line_height=\u00bb1.9em\u00bb link_font=\u00bb||||||||\u00bb link_text_color=\u00bb#3550a0&#8243; header_font=\u00bb||||||||\u00bb header_2_font=\u00bb||||||||\u00bb header_3_font=\u00bbPlayfair Display|700|||||||\u00bb header_3_text_color=\u00bb#00ad9c\u00bb header_3_font_size=\u00bb30px\u00bb header_3_line_height=\u00bb1.5em\u00bb header_4_font=\u00bbLato|700|||||||\u00bb header_4_text_color=\u00bb#3550a0&#8243; header_4_font_size=\u00bb16px\u00bb header_4_line_height=\u00bb1.5em\u00bb custom_margin=\u00bb||||false|false\u00bb custom_padding=\u00bb|||100px|false|false\u00bb custom_padding_tablet=\u00bb\u00bb custom_padding_phone=\u00bb|||20px|false|false\u00bb custom_padding_last_edited=\u00bbon|desktop\u00bb header_3_font_size_tablet=\u00bb\u00bb header_3_font_size_phone=\u00bb20px\u00bb header_3_font_size_last_edited=\u00bbon|phone\u00bb locked=\u00bboff\u00bb]<\/p>\n<p>\u2022 Nuestra denominaci\u00f3n: AMANDA CELIS EKSTRAND<\/p>\n<p>\u2022 Nuestro CIF \/ NIF: 78518602Y<\/p>\n<p>\u2022 Nuestra actividad principal: Psic\u00f3loga y Formadora.<\/p>\n<p>\u2022 Nuestra direcci\u00f3n: C\/ LUIS MOROTE, N\u00ba6-PLANTA 4- OF. 5\u00baI, CP 35007, LAS PALMAS DE GRAN CANARIA (Las Palmas)<\/p>\n<p>\u2022 Nuestro tel\u00e9fono de contacto: 691.06.79.04<\/p>\n<p>\u2022 Nuestra direcci\u00f3n de correo electr\u00f3nico de contacto: <a href=\"mailto:amandaconsulta@gmail.com\">amandaconsulta@gmail.com<\/a><\/p>\n<p>\u2022 Para su confianza y seguridad, le informamos que somos una entidad inscrita en el siguiente Registro Mercantil \/Registro P\u00fablico:<\/p>\n<p>\u2022 Nuestra actividad principal est\u00e1 sujeta a un r\u00e9gimen de autorizaci\u00f3n administrativa previa. Para su confianza y seguridad, le facilitamos los datos relativos a dicha autorizaci\u00f3n y los identificativos del \u00f3rgano competente de nuestra supervisi\u00f3n:<br \/> Autorizaci\u00f3n administrativa:<br \/> \u00d3rgano encargado de nuestra supervisi\u00f3n:<\/p>\n<p>\u2022 El responsable de esta p\u00e1gina web ejerce una profesi\u00f3n regulada, para lo cual le facilitamos la siguiente informaci\u00f3n:<br \/> Colegio profesional al que pertenece:<br \/> T\u00edtulo acad\u00e9mico oficial o profesional:<br \/> Estado de la Uni\u00f3n Europea en que se expidi\u00f3 dicho t\u00edtulo:<br \/> Normas profesionales aplicables al ejercicio de la profesi\u00f3n:<em>\u00a0<\/em><\/p>\n<p>[\/et_pb_text][et_pb_text _builder_version=\u00bb3.27.4&#8243; text_font=\u00bbComfortaa|700|||||||\u00bb text_line_height=\u00bb1.9em\u00bb link_font=\u00bb||||||||\u00bb link_text_color=\u00bb#3550a0&#8243; header_font=\u00bb||||||||\u00bb header_2_font=\u00bb||||||||\u00bb header_3_font=\u00bbPlayfair Display|700|||||||\u00bb header_3_text_color=\u00bb#00ad9c\u00bb header_3_font_size=\u00bb30px\u00bb header_3_line_height=\u00bb1.5em\u00bb header_4_font=\u00bbLato|700|||||||\u00bb header_4_text_color=\u00bb#3550a0&#8243; header_4_font_size=\u00bb16px\u00bb header_4_line_height=\u00bb1.5em\u00bb custom_margin=\u00bb33px|||||\u00bb header_3_font_size_tablet=\u00bb\u00bb header_3_font_size_phone=\u00bb20px\u00bb header_3_font_size_last_edited=\u00bbon|phone\u00bb locked=\u00bboff\u00bb]<\/p>\n<p>\u2022 \u00bfPara qu\u00e9 vamos a usar sus datos?<br \/>Con car\u00e1cter general, sus datos personales ser\u00e1n usados para poder relacionarnos con usted y poder prestarle nuestros servicios.<br \/>Asimismo, tambi\u00e9n pueden ser usados para otras actividades, como enviarle publicidad o promocionar nuestras actividades.<\/p>\n<p>&nbsp;<\/p>\n<p>\u2022 \u00bfPor qu\u00e9 necesitamos usar sus datos?<br \/>Sus datos personales son necesarios para poder relacionarnos con usted y poder prestarle nuestros servicios. En este sentido, pondremos a su disposici\u00f3n una serie de casillas que le permitir\u00e1n decidir de manera clara y sencilla sobre el uso de su informaci\u00f3n personal.<\/p>\n<p>&nbsp;<\/p>\n<p>\u2022 \u00bfQui\u00e9n va a conocer la informaci\u00f3n que le pedimos?<br \/>Con car\u00e1cter general, s\u00f3lo el personal de nuestra entidad que est\u00e9 debidamente autorizado podr\u00e1 tener conocimiento de la informaci\u00f3n que le pedimos. De igual modo, podr\u00e1n tener conocimiento de su informaci\u00f3n personal aquellas entidades que necesiten tener acceso a la misma para que podamos prestarle nuestros servicios. As\u00ed por ejemplo, nuestro banco conocer\u00e1 sus datos si el pago de nuestros servicios se realiza mediante tarjeta o transferencia bancaria. Asimismo, tendr\u00e1n conocimiento de su informaci\u00f3n aquellas entidades p\u00fablicas o privadas a las cuales estemos obligados a facilitar sus datos personales con motivo del cumplimiento de alguna ley. Poni\u00e9ndole un ejemplo, la Ley Tributaria obliga a facilitar a la Agencia Tributaria determinada informaci\u00f3n sobre operaciones econ\u00f3micas que superen una determinada cantidad.<br \/>En el caso de que, al margen de los supuestos comentados, necesitemos dar a conocer su informaci\u00f3n personal a otras entidades, le solicitaremos previamente su permiso a trav\u00e9s de opciones claras que le permitir\u00e1n decidir a este respecto.<\/p>\n<p>&nbsp;<\/p>\n<p>\u2022 \u00bfC\u00f3mo vamos a proteger sus datos?<br \/>Protegeremos sus datos con medidas de seguridad eficaces en funci\u00f3n de los riesgos que conlleve el uso de su informaci\u00f3n.<br \/>Para ello, nuestra entidad ha aprobado una Pol\u00edtica de Protecci\u00f3n de Datos y se realizan controles y auditor\u00edas anuales para verificar que sus datos personales est\u00e1n seguros en todo momento.<\/p>\n<p>&nbsp;<\/p>\n<p>\u2022 \u00bfEnviaremos sus datos a otros pa\u00edses?<br \/>En el mundo hay pa\u00edses que son seguros para sus datos y otros que no lo son tanto. As\u00ed por ejemplo, la Uni\u00f3n Europea es un entorno seguro para sus datos. Nuestra pol\u00edtica es no enviar su informaci\u00f3n personal a ning\u00fan pa\u00eds que no sea seguro desde el punto de vista de la protecci\u00f3n de sus datos. En el caso de que, con motivo de prestarle el servicio, sea imprescindible enviar sus datos a un pa\u00eds que no sea tan seguro como Espa\u00f1a, siempre le solicitaremos previamente su permiso y aplicaremos medidas de seguridad eficaces que reduzcan los riesgos del env\u00edo de su informaci\u00f3n personal a otro pa\u00eds.<\/p>\n<p>&nbsp;<\/p>\n<p>\u2022 \u00bfDurante cu\u00e1nto tiempo vamos a conservar sus datos?<br \/>Conservaremos sus datos durante nuestra relaci\u00f3n y mientras nos obliguen las leyes. Una vez finalizados los plazos legales aplicables, procederemos a eliminarlos de forma segura y respetuosa con el medio ambiente.<\/p>\n<p>&nbsp;<\/p>\n<p>\u2022 \u00bfCu\u00e1les son sus derechos de protecci\u00f3n de datos?<br \/>En cualquier momento puede dirigirse a nosotros para saber qu\u00e9 informaci\u00f3n tenemos sobre usted, rectificarla si fuese incorrecta y eliminarla una vez finalizada nuestra relaci\u00f3n, en el caso de que ello sea legalmente posible. <br \/>Tambi\u00e9n tiene derecho a solicitar el traspaso de su informaci\u00f3n a otra entidad. Este derecho se llama \u201cportabilidad\u201d y puede ser \u00fatil en determinadas situaciones. Para solicitar alguno de estos derechos, deber\u00e1 realizar una solicitud escrita a nuestra direcci\u00f3n, junto con una fotocopia de su DNI, para poder identificarle. En las oficinas de nuestra entidad disponemos de formularios espec\u00edficos para solicitar dichos derechos y le ofrecemos nuestra ayuda para su cumplimentaci\u00f3n. Para saber m\u00e1s sobre sus derechos de protecci\u00f3n de datos, puede consultar la p\u00e1gina web de la Agencia Espa\u00f1ola de Protecci\u00f3n de Datos (www.agpd.es).<\/p>\n<p>&nbsp;<\/p>\n<p>\u2022 \u00bfPuede retirar su consentimiento si cambia de opini\u00f3n en un momento posterior?<br \/>Usted puede retirar su consentimiento si cambia de opini\u00f3n sobre el uso de sus datos en cualquier momento. <br \/>As\u00ed por ejemplo, si usted en su d\u00eda estuvo interesado\/a en recibir publicidad de nuestros productos o servicios, pero ya no desea recibir m\u00e1s publicidad, puede hac\u00e9rnoslo constar a trav\u00e9s del formulario de oposici\u00f3n al tratamiento disponible en las oficinas de nuestra entidad.<\/p>\n<p>\u2022 En caso de que entienda que sus derechos han sido desatendidos, \u00bfd\u00f3nde puede formular una reclamaci\u00f3n?<br \/>En caso de que entienda que sus derechos han sido desatendidos por nuestra entidad, puede formular una reclamaci\u00f3n en la Agencia Espa\u00f1ola de Protecci\u00f3n de Datos, a trav\u00e9s de alguno de los medios siguientes:<br \/> \u2022 Sede electr\u00f3nica: www.agpd.es<br \/> \u2022 Direcci\u00f3n postal:<br \/>Agencia Espa\u00f1ola de Protecci\u00f3n de Datos <br \/>C\/ Jorge Juan, 6<br \/>28001-Madrid <br \/> \u2022 V\u00eda telef\u00f3nica:<br \/>Telf. 901 100 099 <br \/>Telf. 91 266 35 17<br \/>Formular una reclamaci\u00f3n en la Agencia Espa\u00f1ola de Protecci\u00f3n de Datos no conlleva ning\u00fan coste y no es necesaria la asistencia de abogado ni procurador.<\/p>\n<p>&nbsp;<\/p>\n<p>\u2022 \u00bfElaboraremos perfiles sobre usted?<br \/>Nuestra pol\u00edtica es no elaborar perfiles sobre los usuarios de nuestros servicios.<br \/>No obstante, pueden existir situaciones en las que, con fines de prestaci\u00f3n del servicio, comerciales o de otro tipo, necesitemos elaborar perfiles de informaci\u00f3n sobre usted. Un ejemplo pudiera ser la utilizaci\u00f3n de su historial de compras o servicios para poder ofrecerle productos o servicios adaptados a sus gustos o necesidades.<br \/>En tal caso, aplicaremos medidas de seguridad eficaces que protejan su informaci\u00f3n en todo momento de personas no autorizadas que pretendan utilizarla en su propio beneficio.<\/p>\n<p>&nbsp;<\/p>\n<p>\u2022 \u00bfUsaremos sus datos para otros fines?<br \/>Nuestra pol\u00edtica es no usar sus datos para otras finalidades distintas a las que le hemos explicado. Si, no obstante, necesit\u00e1semos usar sus datos para actividades distintas, siempre le solicitaremos previamente su permiso a trav\u00e9s de opciones claras que le permitir\u00e1n decidir al respecto.<\/p>\n<p>&nbsp;<\/p>\n<p>[\/et_pb_text][\/et_pb_column][\/et_pb_row][\/et_pb_section][et_pb_section fb_built=\u00bb1&#8243; admin_label=\u00bbClasses Section\u00bb _builder_version=\u00bb3.22&#8243; background_color=\u00bb#fafbfc\u00bb custom_padding=\u00bb60px|0px|110px|0px||\u00bb][et_pb_row admin_label=\u00bbRow\u00bb _builder_version=\u00bb3.25&#8243; custom_padding=\u00bb0px|||||\u00bb][et_pb_column type=\u00bb4_4&#8243; _builder_version=\u00bb3.25&#8243; custom_padding=\u00bb|||\u00bb custom_padding__hover=\u00bb|||\u00bb][et_pb_text _builder_version=\u00bb4.4.5&#8243; text_font=\u00bb||||||||\u00bb text_font_size=\u00bb18px\u00bb text_line_height=\u00bb1.8em\u00bb header_font=\u00bbPlayfair Display|700|||||||\u00bb header_text_color=\u00bb#444444&#8243; header_font_size=\u00bb67px\u00bb header_line_height=\u00bb1.5em\u00bb header_2_font=\u00bbMontserrat||||||||\u00bb header_2_font_size=\u00bb50px\u00bb header_2_line_height=\u00bb1.3em\u00bb header_3_font=\u00bbComfortaa|700||on|||||\u00bb header_3_text_color=\u00bb#00ad9c\u00bb header_3_font_size=\u00bb20px\u00bb header_3_line_height=\u00bb1.5em\u00bb text_orientation=\u00bbright\u00bb custom_margin=\u00bb||-1px|||\u00bb hover_enabled=\u00bb0&#8243; header_font_size_tablet=\u00bb50px\u00bb header_font_size_phone=\u00bb32px\u00bb header_font_size_last_edited=\u00bbon|tablet\u00bb header_3_font_size_tablet=\u00bb50px\u00bb header_3_font_size_phone=\u00bb32px\u00bb header_3_font_size_last_edited=\u00bboff|desktop\u00bb text_text_align=\u00bbright\u00bb locked=\u00bboff\u00bb header_2_font_size_last_edited=\u00bbon|phone\u00bb header_2_font_size_phone=\u00bb32px\u00bb]<\/p>\n<h2 style=\"text-align: left;\">Capa 3: Pol\u00edtica de protecci\u00f3n de datos<\/h2>\n<p>[\/et_pb_text][\/et_pb_column][\/et_pb_row][et_pb_row _builder_version=\u00bb3.26.6&#8243;][et_pb_column type=\u00bb4_4&#8243; _builder_version=\u00bb3.26.6&#8243;][et_pb_text _builder_version=\u00bb3.27.4&#8243; text_font=\u00bbComfortaa|700|||||||\u00bb text_font_size=\u00bb16px\u00bb text_line_height=\u00bb1.8em\u00bb locked=\u00bboff\u00bb]<\/p>\n<p>La Direcci\u00f3n \/ \u00d3rgano de Gobierno de AMANDA CELIS EKSTRAND (en adelante, el responsable del tratamiento), asume la m\u00e1xima responsabilidad y compromiso con el establecimiento, implementaci\u00f3n y mantenimiento de la presente Pol\u00edtica de Protecci\u00f3n de Datos, garantizando la mejora continua del responsable del tratamiento con el objetivo de alcanzar la excelencia en relaci\u00f3n con el cumplimiento del Reglamento (UE) 2016\/679 del Parlamento Europeo y del Consejo, de 27 de abril de 2016, relativo a la protecci\u00f3n de las personas f\u00edsicas en lo que respecta al tratamiento de datos personales y a la libre circulaci\u00f3n de estos datos y por el que se deroga la Directiva 95\/46\/CE (Reglamento general de protecci\u00f3n de datos) (DOUE L 119\/1, 04-05-2016), y de la normativa espa\u00f1ola de protecci\u00f3n de datos de car\u00e1cter personal (Ley Org\u00e1nica, legislaci\u00f3n sectorial espec\u00edfica y sus normas de desarrollo).<\/p>\n<p>La Pol\u00edtica de Protecci\u00f3n de Datos de AMANDA CELIS EKSTRAND descansa en el principio de responsabilidad proactiva, seg\u00fan el cual el responsable del tratamiento es responsable del cumplimiento del marco normativo y jurisprudencial que gobierna dicha Pol\u00edtica, y es capaz de demostrarlo ante las autoridades de control competentes.<\/p>\n<p>En tal sentido, el responsable del tratamiento se regir\u00e1 por los siguientes principios que deben servir a todo su personal como gu\u00eda y marco de referencia en el tratamiento de datos personales:<\/p>\n<p>[\/et_pb_text][et_pb_text _builder_version=\u00bb4.4.5&#8243; text_font=\u00bbComfortaa|700|||||||\u00bb text_line_height=\u00bb1.9em\u00bb link_font=\u00bb||||||||\u00bb link_text_color=\u00bb#3550a0&#8243; header_font=\u00bb||||||||\u00bb header_2_font=\u00bb||||||||\u00bb header_3_font=\u00bbComfortaa|700|||||||\u00bb header_3_text_color=\u00bb#00ad9c\u00bb header_3_font_size=\u00bb30px\u00bb header_3_line_height=\u00bb1.5em\u00bb header_4_font=\u00bbLato|700|||||||\u00bb header_4_text_color=\u00bb#3550a0&#8243; header_4_font_size=\u00bb16px\u00bb header_4_line_height=\u00bb1.5em\u00bb custom_margin=\u00bb||-1px|||\u00bb header_3_font_size_tablet=\u00bb\u00bb header_3_font_size_phone=\u00bb20px\u00bb header_3_font_size_last_edited=\u00bbon|phone\u00bb locked=\u00bboff\u00bb]<\/p>\n<h3>Protecci\u00f3n de datos desde el dise\u00f1o<\/h3>\n<p>[\/et_pb_text][et_pb_text _builder_version=\u00bb3.27.4&#8243; text_font=\u00bbComfortaa|700|||||||\u00bb text_font_size=\u00bb16px\u00bb text_line_height=\u00bb1.8em\u00bb locked=\u00bboff\u00bb]<\/p>\n<p>el responsable del tratamiento aplicar\u00e1, tanto en el momento de determinar los medios de tratamiento como en el momento del propio tratamiento, medidas t\u00e9cnicas y organizativas apropiadas, como la seudonimizaci\u00f3n, concebidas para aplicar de forma efectiva los principios de protecci\u00f3n de datos, como la minimizaci\u00f3n de datos, e integrar las garant\u00edas necesarias en el tratamiento.<\/p>\n<p>[\/et_pb_text][et_pb_text _builder_version=\u00bb4.4.5&#8243; text_font=\u00bbComfortaa|700|||||||\u00bb text_line_height=\u00bb1.9em\u00bb link_font=\u00bb||||||||\u00bb link_text_color=\u00bb#3550a0&#8243; header_font=\u00bb||||||||\u00bb header_2_font=\u00bb||||||||\u00bb header_3_font=\u00bbComfortaa|700|||||||\u00bb header_3_text_color=\u00bb#00ad9c\u00bb header_3_font_size=\u00bb30px\u00bb header_3_line_height=\u00bb1.5em\u00bb header_4_font=\u00bbLato|700|||||||\u00bb header_4_text_color=\u00bb#3550a0&#8243; header_4_font_size=\u00bb16px\u00bb header_4_line_height=\u00bb1.5em\u00bb custom_margin=\u00bb||-1px|||\u00bb header_3_font_size_tablet=\u00bb\u00bb header_3_font_size_phone=\u00bb20px\u00bb header_3_font_size_last_edited=\u00bbon|phone\u00bb locked=\u00bboff\u00bb]<\/p>\n<h3>Protecci\u00f3n de datos por defecto<\/h3>\n<p>[\/et_pb_text][et_pb_text _builder_version=\u00bb3.27.4&#8243; text_font=\u00bbComfortaa|700|||||||\u00bb text_font_size=\u00bb16px\u00bb text_line_height=\u00bb1.8em\u00bb locked=\u00bboff\u00bb]<\/p>\n<p>el responsable del tratamiento aplicar\u00e1 las medidas t\u00e9cnicas y organizativas apropiadas con miras a garantizar que, por defecto, solo sean objeto de tratamiento los datos personales que sean necesarios para cada uno de los fines espec\u00edficos del tratamiento.<\/p>\n<p>[\/et_pb_text][et_pb_text _builder_version=\u00bb4.4.5&#8243; text_font=\u00bbComfortaa|700|||||||\u00bb text_line_height=\u00bb1.9em\u00bb link_font=\u00bb||||||||\u00bb link_text_color=\u00bb#3550a0&#8243; header_font=\u00bb||||||||\u00bb header_2_font=\u00bb||||||||\u00bb header_3_font=\u00bbComfortaa|700|||||||\u00bb header_3_text_color=\u00bb#00ad9c\u00bb header_3_font_size=\u00bb30px\u00bb header_3_line_height=\u00bb1.5em\u00bb header_4_font=\u00bbLato|700|||||||\u00bb header_4_text_color=\u00bb#3550a0&#8243; header_4_font_size=\u00bb16px\u00bb header_4_line_height=\u00bb1.5em\u00bb custom_margin=\u00bb||-1px|||\u00bb header_3_font_size_tablet=\u00bb\u00bb header_3_font_size_phone=\u00bb20px\u00bb header_3_font_size_last_edited=\u00bbon|phone\u00bb locked=\u00bboff\u00bb]<\/p>\n<h3>Protecci\u00f3n de datos en el ciclo de vida de la informaci\u00f3n<\/h3>\n<p>[\/et_pb_text][et_pb_text _builder_version=\u00bb3.27.4&#8243; text_font=\u00bbComfortaa|700|||||||\u00bb text_font_size=\u00bb16px\u00bb text_line_height=\u00bb1.8em\u00bb locked=\u00bboff\u00bb]<\/p>\n<p>las medidas que garanticen la protecci\u00f3n de los datos personales ser\u00e1n aplicables durante el ciclo completo de la vida de la informaci\u00f3n.<\/p>\n<p>[\/et_pb_text][et_pb_text _builder_version=\u00bb4.4.5&#8243; text_font=\u00bbComfortaa|700|||||||\u00bb text_line_height=\u00bb1.9em\u00bb link_font=\u00bb||||||||\u00bb link_text_color=\u00bb#3550a0&#8243; header_font=\u00bb||||||||\u00bb header_2_font=\u00bb||||||||\u00bb header_3_font=\u00bbComfortaa|700|||||||\u00bb header_3_text_color=\u00bb#00ad9c\u00bb header_3_font_size=\u00bb30px\u00bb header_3_line_height=\u00bb1.5em\u00bb header_4_font=\u00bbLato|700|||||||\u00bb header_4_text_color=\u00bb#3550a0&#8243; header_4_font_size=\u00bb16px\u00bb header_4_line_height=\u00bb1.5em\u00bb custom_margin=\u00bb||-1px|||\u00bb header_3_font_size_tablet=\u00bb\u00bb header_3_font_size_phone=\u00bb20px\u00bb header_3_font_size_last_edited=\u00bbon|phone\u00bb locked=\u00bboff\u00bb]<\/p>\n<h3>Licitud, lealtad y transparencia<\/h3>\n<p>[\/et_pb_text][et_pb_text _builder_version=\u00bb3.27.4&#8243; text_font=\u00bbComfortaa|700|||||||\u00bb text_font_size=\u00bb16px\u00bb text_line_height=\u00bb1.8em\u00bb locked=\u00bboff\u00bb]<\/p>\n<p>los datos personales ser\u00e1n tratados de manera l\u00edcita, leal y transparente en relaci\u00f3n con el interesado.<\/p>\n<p>[\/et_pb_text][et_pb_text _builder_version=\u00bb4.4.5&#8243; text_font=\u00bbComfortaa|700|||||||\u00bb text_line_height=\u00bb1.9em\u00bb link_font=\u00bb||||||||\u00bb link_text_color=\u00bb#3550a0&#8243; header_font=\u00bbComfortaa||||||||\u00bb header_2_font=\u00bb||||||||\u00bb header_3_font=\u00bbComfortaa|700|||||||\u00bb header_3_text_color=\u00bb#00ad9c\u00bb header_3_font_size=\u00bb30px\u00bb header_3_line_height=\u00bb1.5em\u00bb header_4_font=\u00bbLato|700|||||||\u00bb header_4_text_color=\u00bb#3550a0&#8243; header_4_font_size=\u00bb16px\u00bb header_4_line_height=\u00bb1.5em\u00bb custom_margin=\u00bb||-1px|||\u00bb header_3_font_size_tablet=\u00bb\u00bb header_3_font_size_phone=\u00bb20px\u00bb header_3_font_size_last_edited=\u00bbon|phone\u00bb locked=\u00bboff\u00bb]<\/p>\n<h3>Limitaci\u00f3n de la finalidad<\/h3>\n<p>[\/et_pb_text][et_pb_text _builder_version=\u00bb3.27.4&#8243; text_font=\u00bbComfortaa|700|||||||\u00bb text_font_size=\u00bb16px\u00bb text_line_height=\u00bb1.8em\u00bb locked=\u00bboff\u00bb]<\/p>\n<p>los datos personales ser\u00e1n recogidos con fines determinados, expl\u00edcitos y leg\u00edtimos, y no ser\u00e1n tratados ulteriormente de manera incompatible con dichos fines.<\/p>\n<p>[\/et_pb_text][et_pb_text _builder_version=\u00bb4.4.5&#8243; text_font=\u00bbComfortaa|700|||||||\u00bb text_line_height=\u00bb1.9em\u00bb link_font=\u00bb||||||||\u00bb link_text_color=\u00bb#3550a0&#8243; header_font=\u00bb||||||||\u00bb header_2_font=\u00bb||||||||\u00bb header_3_font=\u00bbComfortaa|700|||||||\u00bb header_3_text_color=\u00bb#00ad9c\u00bb header_3_font_size=\u00bb30px\u00bb header_3_line_height=\u00bb1.5em\u00bb header_4_font=\u00bbLato|700|||||||\u00bb header_4_text_color=\u00bb#3550a0&#8243; header_4_font_size=\u00bb16px\u00bb header_4_line_height=\u00bb1.5em\u00bb custom_margin=\u00bb||-1px|||\u00bb header_3_font_size_tablet=\u00bb\u00bb header_3_font_size_phone=\u00bb20px\u00bb header_3_font_size_last_edited=\u00bbon|phone\u00bb locked=\u00bboff\u00bb]<\/p>\n<h3>Minimizaci\u00f3n de datos<\/h3>\n<p>[\/et_pb_text][et_pb_text _builder_version=\u00bb3.27.4&#8243; text_font=\u00bbComfortaa|700|||||||\u00bb text_font_size=\u00bb16px\u00bb text_line_height=\u00bb1.8em\u00bb locked=\u00bboff\u00bb]<\/p>\n<p style=\"margin-bottom: 0cm; line-height: 115%;\" align=\"justify\">los datos personales ser\u00e1n adecuados, pertinentes y limitados a lo necesario en relaci\u00f3n con los fines para los que son tratados.<\/p>\n<p>[\/et_pb_text][et_pb_text _builder_version=\u00bb4.4.5&#8243; text_font=\u00bbComfortaa|700|||||||\u00bb text_line_height=\u00bb1.9em\u00bb link_font=\u00bb||||||||\u00bb link_text_color=\u00bb#3550a0&#8243; header_font=\u00bb||||||||\u00bb header_2_font=\u00bb||||||||\u00bb header_3_font=\u00bbComfortaa|700|||||||\u00bb header_3_text_color=\u00bb#00ad9c\u00bb header_3_font_size=\u00bb30px\u00bb header_3_line_height=\u00bb1.5em\u00bb header_4_font=\u00bbLato|700|||||||\u00bb header_4_text_color=\u00bb#3550a0&#8243; header_4_font_size=\u00bb16px\u00bb header_4_line_height=\u00bb1.5em\u00bb custom_margin=\u00bb||-1px|||\u00bb header_3_font_size_tablet=\u00bb\u00bb header_3_font_size_phone=\u00bb20px\u00bb header_3_font_size_last_edited=\u00bbon|phone\u00bb locked=\u00bboff\u00bb]<\/p>\n<h3>Exactitud<\/h3>\n<p>[\/et_pb_text][et_pb_text _builder_version=\u00bb3.27.4&#8243; text_font=\u00bbComfortaa|700|||||||\u00bb text_font_size=\u00bb16px\u00bb text_line_height=\u00bb1.8em\u00bb locked=\u00bboff\u00bb]<\/p>\n<p style=\"margin-bottom: 0cm; line-height: 115%;\" align=\"justify\">los datos personales ser\u00e1n exactos y, si fuera necesario, actualizados; se adoptar\u00e1n todas las medidas razonables para que se supriman o rectifiquen sin dilaci\u00f3n los datos personales que sean inexactos con respecto a los fines para los que se tratan.<\/p>\n<p>[\/et_pb_text][et_pb_text _builder_version=\u00bb4.4.5&#8243; text_font=\u00bbComfortaa|700|||||||\u00bb text_line_height=\u00bb1.9em\u00bb link_font=\u00bb||||||||\u00bb link_text_color=\u00bb#3550a0&#8243; header_font=\u00bb||||||||\u00bb header_2_font=\u00bb||||||||\u00bb header_3_font=\u00bbComfortaa|700|||||||\u00bb header_3_text_color=\u00bb#00ad9c\u00bb header_3_font_size=\u00bb30px\u00bb header_3_line_height=\u00bb1.5em\u00bb header_4_font=\u00bbLato|700|||||||\u00bb header_4_text_color=\u00bb#3550a0&#8243; header_4_font_size=\u00bb16px\u00bb header_4_line_height=\u00bb1.5em\u00bb custom_margin=\u00bb||-1px|||\u00bb header_3_font_size_tablet=\u00bb\u00bb header_3_font_size_phone=\u00bb20px\u00bb header_3_font_size_last_edited=\u00bbon|phone\u00bb locked=\u00bboff\u00bb]<\/p>\n<h3>Limitaci\u00f3n del plazo de conservaci\u00f3n<\/h3>\n<p>[\/et_pb_text][et_pb_text _builder_version=\u00bb3.27.4&#8243; text_font=\u00bbComfortaa|700|||||||\u00bb text_font_size=\u00bb16px\u00bb text_line_height=\u00bb1.8em\u00bb locked=\u00bboff\u00bb]<\/p>\n<p style=\"margin-bottom: 0cm; line-height: 115%;\" align=\"justify\">los datos personales ser\u00e1n mantenidos de forma que se permita la identificaci\u00f3n de los interesados durante no m\u00e1s tiempo del necesario para los fines del tratamiento de los datos personales.<\/p>\n<p>[\/et_pb_text][et_pb_text _builder_version=\u00bb4.4.5&#8243; text_font=\u00bbComfortaa|700|||||||\u00bb text_line_height=\u00bb1.9em\u00bb link_font=\u00bb||||||||\u00bb link_text_color=\u00bb#3550a0&#8243; header_font=\u00bb||||||||\u00bb header_2_font=\u00bb||||||||\u00bb header_3_font=\u00bbComfortaa|700|||||||\u00bb header_3_text_color=\u00bb#00ad9c\u00bb header_3_font_size=\u00bb30px\u00bb header_3_line_height=\u00bb1.5em\u00bb header_4_font=\u00bbLato|700|||||||\u00bb header_4_text_color=\u00bb#3550a0&#8243; header_4_font_size=\u00bb16px\u00bb header_4_line_height=\u00bb1.5em\u00bb custom_margin=\u00bb||-1px|||\u00bb header_3_font_size_tablet=\u00bb\u00bb header_3_font_size_phone=\u00bb20px\u00bb header_3_font_size_last_edited=\u00bbon|phone\u00bb locked=\u00bboff\u00bb]<\/p>\n<h3>Integridad y confidencialidad<\/h3>\n<p>[\/et_pb_text][et_pb_text _builder_version=\u00bb3.27.4&#8243; text_font=\u00bbComfortaa|700|||||||\u00bb text_font_size=\u00bb16px\u00bb text_line_height=\u00bb1.8em\u00bb locked=\u00bboff\u00bb]<\/p>\n<p style=\"margin-bottom: 0cm; line-height: 115%;\" align=\"justify\">los datos personales ser\u00e1n mantenidos de forma que se permita la identificaci\u00f3n de los interesados durante no m\u00e1s tiempo del necesario para los fines del tratamiento de los datos personales.<\/p>\n<p>[\/et_pb_text][et_pb_text _builder_version=\u00bb4.4.5&#8243; text_font=\u00bbComfortaa|700|||||||\u00bb text_line_height=\u00bb1.9em\u00bb link_font=\u00bb||||||||\u00bb link_text_color=\u00bb#3550a0&#8243; header_font=\u00bb||||||||\u00bb header_2_font=\u00bb||||||||\u00bb header_3_font=\u00bbComfortaa|700|||||||\u00bb header_3_text_color=\u00bb#00ad9c\u00bb header_3_font_size=\u00bb30px\u00bb header_3_line_height=\u00bb1.5em\u00bb header_4_font=\u00bbLato|700|||||||\u00bb header_4_text_color=\u00bb#3550a0&#8243; header_4_font_size=\u00bb16px\u00bb header_4_line_height=\u00bb1.5em\u00bb custom_margin=\u00bb||-1px|||\u00bb header_3_font_size_tablet=\u00bb\u00bb header_3_font_size_phone=\u00bb20px\u00bb header_3_font_size_last_edited=\u00bbon|phone\u00bb locked=\u00bboff\u00bb]<\/p>\n<h3>Informaci\u00f3n y formaci\u00f3n<\/h3>\n<p>[\/et_pb_text][et_pb_text _builder_version=\u00bb3.27.4&#8243; text_font=\u00bbComfortaa|700|||||||\u00bb text_font_size=\u00bb16px\u00bb text_line_height=\u00bb1.8em\u00bb locked=\u00bboff\u00bb]<\/p>\n<p style=\"margin-bottom: 0cm; line-height: 115%;\" align=\"justify\">los datos personales ser\u00e1n tratados de tal manera que se garantice una seguridad adecuada de los datos personales, incluida la protecci\u00f3n contra el tratamiento no autorizado o il\u00edcito y contra su p\u00e9rdida, destrucci\u00f3n o da\u00f1o accidental, mediante la aplicaci\u00f3n de medidas t\u00e9cnicas u organizativas apropiadas.<\/p>\n<p>[\/et_pb_text][et_pb_text _builder_version=\u00bb4.4.5&#8243; text_font=\u00bbComfortaa|700|||||||\u00bb text_line_height=\u00bb1.9em\u00bb link_font=\u00bb||||||||\u00bb link_text_color=\u00bb#3550a0&#8243; header_font=\u00bb||||||||\u00bb header_2_font=\u00bb||||||||\u00bb header_3_font=\u00bbComfortaa|700|||||||\u00bb header_3_text_color=\u00bb#00ad9c\u00bb header_3_font_size=\u00bb30px\u00bb header_3_line_height=\u00bb1.5em\u00bb header_4_font=\u00bbLato|700|||||||\u00bb header_4_text_color=\u00bb#3550a0&#8243; header_4_font_size=\u00bb16px\u00bb header_4_line_height=\u00bb1.5em\u00bb custom_margin=\u00bb||-1px|||\u00bb header_3_font_size_tablet=\u00bb\u00bb header_3_font_size_phone=\u00bb20px\u00bb header_3_font_size_last_edited=\u00bbon|phone\u00bb locked=\u00bboff\u00bb]<\/p>\n<h3>Limitaci\u00f3n del plazo de conservaci\u00f3n<\/h3>\n<p>[\/et_pb_text][et_pb_text _builder_version=\u00bb3.27.4&#8243; text_font=\u00bbComfortaa|700|||||||\u00bb text_font_size=\u00bb16px\u00bb text_line_height=\u00bb1.8em\u00bb locked=\u00bboff\u00bb]<\/p>\n<p style=\"margin-bottom: 0cm; line-height: 115%;\" align=\"justify\">una de las claves para garantizar la protecci\u00f3n de los datos personales es la formaci\u00f3n e informaci\u00f3n que se facilite al personal involucrado en el tratamiento de los mismos. Durante el ciclo de vida de la informaci\u00f3n, todo el personal con acceso a los datos ser\u00e1 convenientemente formado e informado acerca de sus obligaciones en relaci\u00f3n con el cumplimiento de la normativa de protecci\u00f3n de datos.<\/p>\n<p>[\/et_pb_text][et_pb_text _builder_version=\u00bb3.27.4&#8243; text_font=\u00bbComfortaa|700|||||||\u00bb text_font_size=\u00bb16px\u00bb text_line_height=\u00bb1.8em\u00bb custom_margin=\u00bb69px|||||\u00bb locked=\u00bboff\u00bb]<\/p>\n<p>La Pol\u00edtica de Protecci\u00f3n de Datos de AMANDA CELIS EKSTRAND es comunicada a todo el personal del responsable del tratamiento y puesta a disposici\u00f3n de todas las partes interesadas.<\/p>\n<p>En su consecuencia, la presente Pol\u00edtica de Protecci\u00f3n de Datos involucra a todo el personal del responsable del tratamiento, que debe conocerla y asumirla, consider\u00e1ndola como propia, siendo cada miembro responsable de aplicarla y de verificar las normas de protecci\u00f3n de datos aplicables a su actividad, as\u00ed como identificar y aportar las oportunidades de mejora que considere oportunas con el objetivo de alcanzar la excelencia en relaci\u00f3n con su cumplimiento.<\/p>\n<p>Esta Pol\u00edtica ser\u00e1 revisada por la Direcci\u00f3n \/ \u00d3rgano de Gobierno de AMANDA CELIS EKSTRAND, tantas veces como se considere necesario, para adecuarse, en todo momento, a las disposiciones vigentes en materia de protecci\u00f3n de datos de car\u00e1cter personal.<\/p>\n<p>[\/et_pb_text][\/et_pb_column][\/et_pb_row][\/et_pb_section][et_pb_section fb_built=\u00bb1&#8243; admin_label=\u00bbHero\u00bb _builder_version=\u00bb3.26.6&#8243; custom_margin=\u00bb||||false\u00bb custom_padding=\u00bb2vw||2vw||true|false\u00bb locked=\u00bboff\u00bb][et_pb_row _builder_version=\u00bb3.25&#8243; custom_padding=\u00bb0|0px|0|0px|false|false\u00bb][et_pb_column type=\u00bb4_4&#8243; _builder_version=\u00bb3.25&#8243; background_color_gradient_direction=\u00bb270deg\u00bb custom_padding=\u00bb|||\u00bb custom_padding_tablet=\u00bb|5%||5%||true\u00bb custom_padding_phone=\u00bb|7%||7%||true\u00bb custom_padding__hover=\u00bb|||\u00bb][et_pb_text _builder_version=\u00bb4.4.5&#8243; text_font=\u00bb||||||||\u00bb text_font_size=\u00bb18px\u00bb text_line_height=\u00bb1.8em\u00bb header_font=\u00bbPlayfair Display|700|||||||\u00bb header_text_color=\u00bb#444444&#8243; header_font_size=\u00bb67px\u00bb header_line_height=\u00bb1.5em\u00bb header_2_font=\u00bbMontserrat||||||||\u00bb header_2_font_size=\u00bb50px\u00bb header_2_line_height=\u00bb1.3em\u00bb header_3_font=\u00bbComfortaa|700||on|||||\u00bb header_3_text_color=\u00bb#00ad9c\u00bb header_3_font_size=\u00bb20px\u00bb header_3_line_height=\u00bb1.5em\u00bb text_orientation=\u00bbright\u00bb custom_margin=\u00bb|||\u00bb hover_enabled=\u00bb0&#8243; header_font_size_tablet=\u00bb50px\u00bb header_font_size_phone=\u00bb32px\u00bb header_font_size_last_edited=\u00bbon|tablet\u00bb header_3_font_size_tablet=\u00bb50px\u00bb header_3_font_size_phone=\u00bb32px\u00bb header_3_font_size_last_edited=\u00bboff|desktop\u00bb text_text_align=\u00bbright\u00bb locked=\u00bboff\u00bb header_2_font_size_last_edited=\u00bbon|phone\u00bb header_2_font_size_phone=\u00bb32px\u00bb]<\/p>\n<h2 style=\"text-align: left;\">Capa 4: Pol\u00edtica de Cookies<\/h2>\n<p>[\/et_pb_text][et_pb_text _builder_version=\u00bb3.27.4&#8243; text_font=\u00bbComfortaa|700|||||||\u00bb text_line_height=\u00bb1.9em\u00bb link_font=\u00bb||||||||\u00bb link_text_color=\u00bb#3550a0&#8243; header_font=\u00bb||||||||\u00bb header_2_font=\u00bb||||||||\u00bb header_3_font=\u00bbPlayfair Display|700|||||||\u00bb header_3_text_color=\u00bb#00ad9c\u00bb header_3_font_size=\u00bb30px\u00bb header_3_line_height=\u00bb1.5em\u00bb header_4_font=\u00bbLato|700|||||||\u00bb header_4_text_color=\u00bb#3550a0&#8243; header_4_font_size=\u00bb16px\u00bb header_4_line_height=\u00bb1.5em\u00bb custom_margin=\u00bb33px|||||\u00bb header_3_font_size_tablet=\u00bb\u00bb header_3_font_size_phone=\u00bb20px\u00bb header_3_font_size_last_edited=\u00bbon|phone\u00bb locked=\u00bboff\u00bb]<\/p>\n<p>\u2022 \u00bfQu\u00e9 son las cookies y para qu\u00e9 las usamos?<br \/>Una cookie o galleta inform\u00e1tica es un peque\u00f1o archivo de informaci\u00f3n que se guarda en su navegador cada vez que visita nuestra p\u00e1gina web. <br \/>La utilidad de las cookies es guardar el historial de su actividad en nuestra p\u00e1gina web, de manera que, cuando la visite nuevamente, \u00e9sta pueda identificarle y configurar el contenido de la misma en base a sus h\u00e1bitos de navegaci\u00f3n, identidad y preferencias.<br \/>Una cookie es inofensiva, no contiene c\u00f3digo malicioso o malintencionado (ej. virus, troyanos, gusanos, etc.) que pueda da\u00f1ar su terminal (ordenador, smartphone, tableta, etc.), pero s\u00ed tiene cierto impacto sobre su derecho a la protecci\u00f3n de sus datos, pues recoge determinada informaci\u00f3n concerniente a su persona (h\u00e1bitos de navegaci\u00f3n, identidad, preferencias, etc.).<\/p>\n<p>&nbsp;<\/p>\n<p>\u2022 \u00bfQu\u00e9 informaci\u00f3n guarda una cookie?<br \/>Las cookies no suelen recoger categor\u00edas especiales de datos personales (datos sensibles). Los datos que guardan son de car\u00e1cter t\u00e9cnico, preferencias personales, personalizaci\u00f3n de contenidos, etc.<\/p>\n<p>&nbsp;<\/p>\n<p>\u2022 \u00bfQu\u00e9 tipo de cookies existen?<br \/>Con car\u00e1cter general, existen cinco tipos de cookies:<\/p>\n<p>[\/et_pb_text][et_pb_text _builder_version=\u00bb3.27.4&#8243; text_font=\u00bbComfortaa|700|||||||\u00bb text_line_height=\u00bb1.9em\u00bb link_font=\u00bb||||||||\u00bb link_text_color=\u00bb#3550a0&#8243; header_font=\u00bb||||||||\u00bb header_2_font=\u00bb||||||||\u00bb header_3_font=\u00bbPlayfair Display|700|||||||\u00bb header_3_text_color=\u00bb#00ad9c\u00bb header_3_font_size=\u00bb30px\u00bb header_3_line_height=\u00bb1.5em\u00bb header_4_font=\u00bbLato|700|||||||\u00bb header_4_text_color=\u00bb#3550a0&#8243; header_4_font_size=\u00bb16px\u00bb header_4_line_height=\u00bb1.5em\u00bb custom_margin=\u00bb||||false|false\u00bb custom_padding=\u00bb|||100px|false|false\u00bb custom_padding_tablet=\u00bb\u00bb custom_padding_phone=\u00bb|||20px|false|false\u00bb custom_padding_last_edited=\u00bbon|desktop\u00bb header_3_font_size_tablet=\u00bb\u00bb header_3_font_size_phone=\u00bb20px\u00bb header_3_font_size_last_edited=\u00bbon|phone\u00bb locked=\u00bboff\u00bb]<\/p>\n<p>\u2022 Cookies de an\u00e1lisis:<br \/> Son aqu\u00e9llas que permiten al responsable de las mismas, el seguimiento y an\u00e1lisis del comportamiento de los usuarios de los sitios web a los que est\u00e1n vinculadas. La informaci\u00f3n recogida mediante este tipo de cookies se utiliza en la medici\u00f3n de la actividad de los sitios web, aplicaci\u00f3n o plataforma y para la elaboraci\u00f3n de perfiles de navegaci\u00f3n de los usuarios de dichos sitios, aplicaciones y plataformas, con el fin de introducir mejoras en funci\u00f3n del an\u00e1lisis de los datos de uso que hacen los usuarios del servicio.<\/p>\n<p>\u2022 Cookies publicitarias:<br \/> Son aqu\u00e9llas que permiten la gesti\u00f3n, de la forma m\u00e1s eficaz posible, de los espacios publicitarios que, en su caso, el responsable haya incluido en una p\u00e1gina web, aplicaci\u00f3n o plataforma desde la que presta el servicio solicitado en base a criterios como el contenido editado o la frecuencia en la que se muestran los anuncios.<\/p>\n<p>\u2022 Cookies de publicidad comportamental:<br \/> Son aqu\u00e9llas que permiten la gesti\u00f3n, de la forma m\u00e1s eficaz posible, de los espacios publicitarios que, en su caso, el responsable haya incluido en una p\u00e1gina web, aplicaci\u00f3n o plataforma desde la que presta el servicio solicitado. Estas cookies almacenan informaci\u00f3n del comportamiento de los usuarios obtenida a trav\u00e9s de la observaci\u00f3n continuada de sus h\u00e1bitos de navegaci\u00f3n, lo que permite desarrollar un perfil espec\u00edfico para mostrar publicidad en funci\u00f3n del mismo.<\/p>\n<p>[\/et_pb_text][et_pb_text _builder_version=\u00bb3.27.4&#8243; text_font=\u00bbComfortaa|700|||||||\u00bb text_line_height=\u00bb1.9em\u00bb link_font=\u00bb||||||||\u00bb link_text_color=\u00bb#3550a0&#8243; header_font=\u00bb||||||||\u00bb header_2_font=\u00bb||||||||\u00bb header_3_font=\u00bbPlayfair Display|700|||||||\u00bb header_3_text_color=\u00bb#00ad9c\u00bb header_3_font_size=\u00bb30px\u00bb header_3_line_height=\u00bb1.5em\u00bb header_4_font=\u00bbLato|700|||||||\u00bb header_4_text_color=\u00bb#3550a0&#8243; header_4_font_size=\u00bb16px\u00bb header_4_line_height=\u00bb1.5em\u00bb custom_margin=\u00bb33px|||||\u00bb header_3_font_size_tablet=\u00bb\u00bb header_3_font_size_phone=\u00bb20px\u00bb header_3_font_size_last_edited=\u00bbon|phone\u00bb locked=\u00bboff\u00bb]<\/p>\n<p>\u00bfQu\u00e9 son las cookies propias y las de terceros?<\/p>\n<p>[\/et_pb_text][et_pb_text _builder_version=\u00bb3.27.4&#8243; text_font=\u00bbComfortaa|700|||||||\u00bb text_line_height=\u00bb1.9em\u00bb link_font=\u00bb||||||||\u00bb link_text_color=\u00bb#3550a0&#8243; header_font=\u00bb||||||||\u00bb header_2_font=\u00bb||||||||\u00bb header_3_font=\u00bbPlayfair Display|700|||||||\u00bb header_3_text_color=\u00bb#00ad9c\u00bb header_3_font_size=\u00bb30px\u00bb header_3_line_height=\u00bb1.5em\u00bb header_4_font=\u00bbLato|700|||||||\u00bb header_4_text_color=\u00bb#3550a0&#8243; header_4_font_size=\u00bb16px\u00bb header_4_line_height=\u00bb1.5em\u00bb custom_margin=\u00bb||||false|false\u00bb custom_padding=\u00bb|||100px|false|false\u00bb custom_padding_tablet=\u00bb\u00bb custom_padding_phone=\u00bb|||20px|false|false\u00bb custom_padding_last_edited=\u00bbon|desktop\u00bb header_3_font_size_tablet=\u00bb\u00bb header_3_font_size_phone=\u00bb20px\u00bb header_3_font_size_last_edited=\u00bbon|phone\u00bb locked=\u00bboff\u00bb]<\/p>\n<p>\u2022 Cookies de propias:<br \/> Las cookies propias son aquellas que se generan y gestionan por el propio responsable que presta el servicio solicitado por el usuario.<\/p>\n<p>\u2022 Cookies de terceros:<br \/> Son aquellas que se generan por otras entidades distintas al propio responsable (servicios o proveedores externos, como por ejemplo Google).<\/p>\n<p>[\/et_pb_text][et_pb_text _builder_version=\u00bb3.27.4&#8243; text_font=\u00bbComfortaa|700|||||||\u00bb text_line_height=\u00bb1.9em\u00bb link_font=\u00bb||||||||\u00bb link_text_color=\u00bb#3550a0&#8243; header_font=\u00bb||||||||\u00bb header_2_font=\u00bb||||||||\u00bb header_3_font=\u00bbPlayfair Display|700|||||||\u00bb header_3_text_color=\u00bb#00ad9c\u00bb header_3_font_size=\u00bb30px\u00bb header_3_line_height=\u00bb1.5em\u00bb header_4_font=\u00bbLato|700|||||||\u00bb header_4_text_color=\u00bb#3550a0&#8243; header_4_font_size=\u00bb16px\u00bb header_4_line_height=\u00bb1.5em\u00bb custom_margin=\u00bb33px|||||\u00bb header_3_font_size_tablet=\u00bb\u00bb header_3_font_size_phone=\u00bb20px\u00bb header_3_font_size_last_edited=\u00bbon|phone\u00bb locked=\u00bboff\u00bb]<\/p>\n<p>\u00a0 \u2022 \u00bfQu\u00e9 puedo hacer con las cookies?<br \/>Las cookies pueden ser borradas, aceptadas o bloqueadas, seg\u00fan desee, para esto s\u00f3lo debe configurar convenientemente el navegador web.<br \/>En cualquier momento, puede impedir la instalaci\u00f3n de cookies (bloqueo) en su equipo mediante la opci\u00f3n correspondiente de su navegador, pero en dicho caso no podremos asegurarle el correcto funcionamiento de las distintas funcionalidades de nuestra p\u00e1gina web.<br \/>A continuaci\u00f3n, le facilitamos los enlaces para la gesti\u00f3n y bloqueo de cookies dependiendo del navegador que utilice:<\/p>\n<p>[\/et_pb_text][et_pb_text _builder_version=\u00bb3.27.4&#8243; text_font=\u00bbComfortaa|700|||||||\u00bb text_line_height=\u00bb1.9em\u00bb link_font=\u00bb||||||||\u00bb link_text_color=\u00bb#3550a0&#8243; header_font=\u00bb||||||||\u00bb header_2_font=\u00bb||||||||\u00bb header_3_font=\u00bbPlayfair Display|700|||||||\u00bb header_3_text_color=\u00bb#00ad9c\u00bb header_3_font_size=\u00bb30px\u00bb header_3_line_height=\u00bb1.5em\u00bb header_4_font=\u00bbLato|700|||||||\u00bb header_4_text_color=\u00bb#3550a0&#8243; header_4_font_size=\u00bb16px\u00bb header_4_line_height=\u00bb1.5em\u00bb custom_margin=\u00bb||||false|false\u00bb custom_padding=\u00bb|||100px|false|false\u00bb custom_padding_tablet=\u00bb\u00bb custom_padding_phone=\u00bb|||20px|false|false\u00bb custom_padding_last_edited=\u00bbon|desktop\u00bb header_3_font_size_tablet=\u00bb\u00bb header_3_font_size_phone=\u00bb20px\u00bb header_3_font_size_last_edited=\u00bbon|phone\u00bb locked=\u00bboff\u00bb]<\/p>\n<p>\u2022 Internet Explorer: http:\/\/windows.microsoft.com\/es-xl\/internet-explorer\/delete-manage-cookies#ie=ie-10<br \/> \u2022 FireFox: http:\/\/support.mozilla.org\/es\/kb\/habilitar-y-deshabilitar-cookies-que-los-sitios-we<br \/> \u2022 Chrome: https:\/\/support.google.com\/chrome\/answer\/95647?hl=es<br \/> \u2022 Safari: https:\/\/www.apple.com\/legal\/privacy\/es\/cookies\/<\/p>\n<p>[\/et_pb_text][\/et_pb_column][\/et_pb_row][\/et_pb_section]<\/p>\n<span class=\"et_bloom_bottom_trigger\"><\/span>","protected":false},"excerpt":{"rendered":"<p>Modelo de informaci\u00f3n por capasEl Reglamento (UE) 2016\/679 del Parlamento Europeo y del Consejo, de 27 de abril de 2016, relativo a la protecci\u00f3n de las personas f\u00edsicas en lo que respecta al tratamiento de datos personales y a la libre circulaci\u00f3n de estos datos y por el que se deroga la Directiva 95\/46\/CE (Reglamento [&hellip;]<\/p>\n","protected":false},"author":1,"featured_media":0,"parent":0,"menu_order":0,"comment_status":"closed","ping_status":"closed","template":"","meta":{"_et_pb_use_builder":"on","_et_pb_old_content":"","_et_gb_content_width":"","footnotes":""},"class_list":["post-145","page","type-page","status-publish","hentry"],"yoast_head":"<!-- This site is optimized with the Yoast SEO plugin v25.4 - https:\/\/yoast.com\/wordpress\/plugins\/seo\/ -->\n<title>Legal - Amanda Celis<\/title>\n<meta name=\"robots\" content=\"noindex, follow, max-snippet:-1, max-image-preview:large, max-video-preview:-1\" \/>\n<meta property=\"og:locale\" content=\"es_ES\" \/>\n<meta property=\"og:type\" content=\"article\" \/>\n<meta property=\"og:title\" content=\"Legal - Amanda Celis\" \/>\n<meta property=\"og:description\" content=\"Modelo de informaci\u00f3n por capasEl Reglamento (UE) 2016\/679 del Parlamento Europeo y del Consejo, de 27 de abril de 2016, relativo a la protecci\u00f3n de las personas f\u00edsicas en lo que respecta al tratamiento de datos personales y a la libre circulaci\u00f3n de estos datos y por el que se deroga la Directiva 95\/46\/CE (Reglamento [&hellip;]\" \/>\n<meta property=\"og:url\" content=\"https:\/\/amandacelis.com\/en\/legal\/\" \/>\n<meta property=\"og:site_name\" content=\"Amanda Celis\" \/>\n<meta property=\"article:modified_time\" content=\"2020-05-25T14:35:41+00:00\" \/>\n<meta name=\"twitter:card\" content=\"summary_large_image\" \/>\n<script type=\"application\/ld+json\" class=\"yoast-schema-graph\">{\"@context\":\"https:\/\/schema.org\",\"@graph\":[{\"@type\":\"WebPage\",\"@id\":\"https:\/\/amandacelis.com\/en\/legal\/\",\"url\":\"https:\/\/amandacelis.com\/en\/legal\/\",\"name\":\"Legal - Amanda Celis\",\"isPartOf\":{\"@id\":\"https:\/\/amandacelis.com\/en\/#website\"},\"datePublished\":\"2020-03-23T14:33:11+00:00\",\"dateModified\":\"2020-05-25T14:35:41+00:00\",\"breadcrumb\":{\"@id\":\"https:\/\/amandacelis.com\/en\/legal\/#breadcrumb\"},\"inLanguage\":\"es\",\"potentialAction\":[{\"@type\":\"ReadAction\",\"target\":[\"https:\/\/amandacelis.com\/en\/legal\/\"]}]},{\"@type\":\"BreadcrumbList\",\"@id\":\"https:\/\/amandacelis.com\/en\/legal\/#breadcrumb\",\"itemListElement\":[{\"@type\":\"ListItem\",\"position\":1,\"name\":\"Portada\",\"item\":\"https:\/\/amandacelis.com\/en\/\"},{\"@type\":\"ListItem\",\"position\":2,\"name\":\"Legal\"}]},{\"@type\":\"WebSite\",\"@id\":\"https:\/\/amandacelis.com\/en\/#website\",\"url\":\"https:\/\/amandacelis.com\/en\/\",\"name\":\"Amanda Celis\",\"description\":\"Psychology &amp; Yoga\",\"publisher\":{\"@id\":\"https:\/\/amandacelis.com\/en\/#organization\"},\"potentialAction\":[{\"@type\":\"SearchAction\",\"target\":{\"@type\":\"EntryPoint\",\"urlTemplate\":\"https:\/\/amandacelis.com\/en\/?s={search_term_string}\"},\"query-input\":{\"@type\":\"PropertyValueSpecification\",\"valueRequired\":true,\"valueName\":\"search_term_string\"}}],\"inLanguage\":\"es\"},{\"@type\":\"Organization\",\"@id\":\"https:\/\/amandacelis.com\/en\/#organization\",\"name\":\"Amanda Celis\",\"url\":\"https:\/\/amandacelis.com\/en\/\",\"logo\":{\"@type\":\"ImageObject\",\"inLanguage\":\"es\",\"@id\":\"https:\/\/amandacelis.com\/en\/#\/schema\/logo\/image\/\",\"url\":\"https:\/\/amandacelis.com\/en\/wp-content\/uploads\/2020\/03\/Amanda-logo01.png\",\"contentUrl\":\"https:\/\/amandacelis.com\/en\/wp-content\/uploads\/2020\/03\/Amanda-logo01.png\",\"width\":427,\"height\":116,\"caption\":\"Amanda Celis\"},\"image\":{\"@id\":\"https:\/\/amandacelis.com\/en\/#\/schema\/logo\/image\/\"}}]}<\/script>\n<!-- \/ Yoast SEO plugin. -->","yoast_head_json":{"title":"Legal - Amanda Celis","robots":{"index":"noindex","follow":"follow","max-snippet":"max-snippet:-1","max-image-preview":"max-image-preview:large","max-video-preview":"max-video-preview:-1"},"og_locale":"es_ES","og_type":"article","og_title":"Legal - Amanda Celis","og_description":"Modelo de informaci\u00f3n por capasEl Reglamento (UE) 2016\/679 del Parlamento Europeo y del Consejo, de 27 de abril de 2016, relativo a la protecci\u00f3n de las personas f\u00edsicas en lo que respecta al tratamiento de datos personales y a la libre circulaci\u00f3n de estos datos y por el que se deroga la Directiva 95\/46\/CE (Reglamento [&hellip;]","og_url":"https:\/\/amandacelis.com\/en\/legal\/","og_site_name":"Amanda Celis","article_modified_time":"2020-05-25T14:35:41+00:00","twitter_card":"summary_large_image","schema":{"@context":"https:\/\/schema.org","@graph":[{"@type":"WebPage","@id":"https:\/\/amandacelis.com\/en\/legal\/","url":"https:\/\/amandacelis.com\/en\/legal\/","name":"Legal - Amanda Celis","isPartOf":{"@id":"https:\/\/amandacelis.com\/en\/#website"},"datePublished":"2020-03-23T14:33:11+00:00","dateModified":"2020-05-25T14:35:41+00:00","breadcrumb":{"@id":"https:\/\/amandacelis.com\/en\/legal\/#breadcrumb"},"inLanguage":"es","potentialAction":[{"@type":"ReadAction","target":["https:\/\/amandacelis.com\/en\/legal\/"]}]},{"@type":"BreadcrumbList","@id":"https:\/\/amandacelis.com\/en\/legal\/#breadcrumb","itemListElement":[{"@type":"ListItem","position":1,"name":"Portada","item":"https:\/\/amandacelis.com\/en\/"},{"@type":"ListItem","position":2,"name":"Legal"}]},{"@type":"WebSite","@id":"https:\/\/amandacelis.com\/en\/#website","url":"https:\/\/amandacelis.com\/en\/","name":"Amanda Celis","description":"Psychology &amp; Yoga","publisher":{"@id":"https:\/\/amandacelis.com\/en\/#organization"},"potentialAction":[{"@type":"SearchAction","target":{"@type":"EntryPoint","urlTemplate":"https:\/\/amandacelis.com\/en\/?s={search_term_string}"},"query-input":{"@type":"PropertyValueSpecification","valueRequired":true,"valueName":"search_term_string"}}],"inLanguage":"es"},{"@type":"Organization","@id":"https:\/\/amandacelis.com\/en\/#organization","name":"Amanda Celis","url":"https:\/\/amandacelis.com\/en\/","logo":{"@type":"ImageObject","inLanguage":"es","@id":"https:\/\/amandacelis.com\/en\/#\/schema\/logo\/image\/","url":"https:\/\/amandacelis.com\/en\/wp-content\/uploads\/2020\/03\/Amanda-logo01.png","contentUrl":"https:\/\/amandacelis.com\/en\/wp-content\/uploads\/2020\/03\/Amanda-logo01.png","width":427,"height":116,"caption":"Amanda Celis"},"image":{"@id":"https:\/\/amandacelis.com\/en\/#\/schema\/logo\/image\/"}}]}},"_links":{"self":[{"href":"https:\/\/amandacelis.com\/en\/wp-json\/wp\/v2\/pages\/145","targetHints":{"allow":["GET"]}}],"collection":[{"href":"https:\/\/amandacelis.com\/en\/wp-json\/wp\/v2\/pages"}],"about":[{"href":"https:\/\/amandacelis.com\/en\/wp-json\/wp\/v2\/types\/page"}],"author":[{"embeddable":true,"href":"https:\/\/amandacelis.com\/en\/wp-json\/wp\/v2\/users\/1"}],"replies":[{"embeddable":true,"href":"https:\/\/amandacelis.com\/en\/wp-json\/wp\/v2\/comments?post=145"}],"version-history":[{"count":9,"href":"https:\/\/amandacelis.com\/en\/wp-json\/wp\/v2\/pages\/145\/revisions"}],"predecessor-version":[{"id":2573,"href":"https:\/\/amandacelis.com\/en\/wp-json\/wp\/v2\/pages\/145\/revisions\/2573"}],"wp:attachment":[{"href":"https:\/\/amandacelis.com\/en\/wp-json\/wp\/v2\/media?parent=145"}],"curies":[{"name":"wp","href":"https:\/\/api.w.org\/{rel}","templated":true}]}}